{"id":1110,"date":"2022-04-19T18:35:11","date_gmt":"2022-04-19T21:35:11","guid":{"rendered":"http:\/\/dermacentro.com.br\/?page_id=1110"},"modified":"2022-07-26T11:45:37","modified_gmt":"2022-07-26T14:45:37","slug":"fotoage-fotomodulacao-ou-fototerapia-com-led-e-laser-de-baixa-potencia","status":"publish","type":"page","link":"https:\/\/dermacentro.com.br\/index.php\/tratamentos-faciais\/fotoage-fotomodulacao-ou-fototerapia-com-led-e-laser-de-baixa-potencia\/","title":{"rendered":"Fotoage, Fotomodula\u00e7\u00e3o ou Fototerapia com LED e Laser de Baixa Pot\u00eancia"},"content":{"rendered":"\t\t<div data-elementor-type=\"wp-page\" data-elementor-id=\"1110\" class=\"elementor elementor-1110\">\n\t\t\t\t\t\t<section class=\"elementor-section elementor-top-section elementor-element elementor-element-0c5fb4f elementor-section-stretched elementor-section-boxed elementor-section-height-default elementor-section-height-default\" data-id=\"0c5fb4f\" data-element_type=\"section\" data-settings=\"{&quot;stretch_section&quot;:&quot;section-stretched&quot;,&quot;background_background&quot;:&quot;classic&quot;}\">\n\t\t\t\t\t\t\t<div class=\"elementor-background-overlay\"><\/div>\n\t\t\t\t\t\t\t<div class=\"elementor-container elementor-column-gap-default\">\n\t\t\t\t\t<div class=\"elementor-column elementor-col-100 elementor-top-column elementor-element elementor-element-b33aa50\" data-id=\"b33aa50\" data-element_type=\"column\">\n\t\t\t<div class=\"elementor-widget-wrap elementor-element-populated\">\n\t\t\t\t\t\t\t<\/div>\n\t\t<\/div>\n\t\t\t\t\t<\/div>\n\t\t<\/section>\n\t\t\t\t<section class=\"elementor-section elementor-top-section elementor-element elementor-element-3e41c4a elementor-section-stretched elementor-section-boxed elementor-section-height-default elementor-section-height-default\" data-id=\"3e41c4a\" data-element_type=\"section\" data-settings=\"{&quot;stretch_section&quot;:&quot;section-stretched&quot;,&quot;background_background&quot;:&quot;classic&quot;}\">\n\t\t\t\t\t\t<div class=\"elementor-container elementor-column-gap-wider\">\n\t\t\t\t\t<div class=\"elementor-column elementor-col-100 elementor-top-column elementor-element elementor-element-b382ebe\" data-id=\"b382ebe\" data-element_type=\"column\">\n\t\t\t<div class=\"elementor-widget-wrap elementor-element-populated\">\n\t\t\t\t\t\t<section class=\"elementor-section elementor-inner-section elementor-element elementor-element-a05f91a elementor-section-boxed elementor-section-height-default elementor-section-height-default\" data-id=\"a05f91a\" data-element_type=\"section\">\n\t\t\t\t\t\t<div class=\"elementor-container elementor-column-gap-default\">\n\t\t\t\t\t<div class=\"elementor-column elementor-col-50 elementor-inner-column elementor-element elementor-element-530dd7b\" data-id=\"530dd7b\" data-element_type=\"column\">\n\t\t\t<div class=\"elementor-widget-wrap elementor-element-populated\">\n\t\t\t\t\t\t<div class=\"elementor-element elementor-element-4d5caeb elementor-widget elementor-widget-image\" data-id=\"4d5caeb\" data-element_type=\"widget\" data-widget_type=\"image.default\">\n\t\t\t\t<div class=\"elementor-widget-container\">\n\t\t\t<style>\/*! elementor - v3.23.0 - 05-08-2024 *\/\n.elementor-widget-image{text-align:center}.elementor-widget-image a{display:inline-block}.elementor-widget-image a img[src$=\".svg\"]{width:48px}.elementor-widget-image img{vertical-align:middle;display:inline-block}<\/style>\t\t\t\t\t\t\t\t\t\t<img fetchpriority=\"high\" width=\"780\" height=\"1135\" src=\"https:\/\/dermacentro.com.br\/wp-content\/uploads\/2022\/07\/fotoage-1.webp\" class=\"attachment-full size-full wp-image-2016\" alt=\"\" srcset=\"https:\/\/dermacentro.com.br\/wp-content\/uploads\/2022\/07\/fotoage-1.webp 780w, https:\/\/dermacentro.com.br\/wp-content\/uploads\/2022\/07\/fotoage-1-206x300.webp 206w, https:\/\/dermacentro.com.br\/wp-content\/uploads\/2022\/07\/fotoage-1-704x1024.webp 704w, https:\/\/dermacentro.com.br\/wp-content\/uploads\/2022\/07\/fotoage-1-768x1118.webp 768w, https:\/\/dermacentro.com.br\/wp-content\/uploads\/2022\/07\/fotoage-1-100x146.webp 100w, https:\/\/dermacentro.com.br\/wp-content\/uploads\/2022\/07\/fotoage-1-34x50.webp 34w, https:\/\/dermacentro.com.br\/wp-content\/uploads\/2022\/07\/fotoage-1-52x75.webp 52w\" sizes=\"(max-width: 780px) 100vw, 780px\" \/>\t\t\t\t\t\t\t\t\t\t\t\t\t<\/div>\n\t\t\t\t<\/div>\n\t\t\t\t\t<\/div>\n\t\t<\/div>\n\t\t\t\t<div class=\"elementor-column elementor-col-50 elementor-inner-column elementor-element elementor-element-8599277\" data-id=\"8599277\" data-element_type=\"column\">\n\t\t\t<div class=\"elementor-widget-wrap elementor-element-populated\">\n\t\t\t\t\t\t<div class=\"elementor-element elementor-element-d53fc86 elementor-widget elementor-widget-text-editor\" data-id=\"d53fc86\" data-element_type=\"widget\" data-widget_type=\"text-editor.default\">\n\t\t\t\t<div class=\"elementor-widget-container\">\n\t\t\t<style>\/*! elementor - v3.23.0 - 05-08-2024 *\/\n.elementor-widget-text-editor.elementor-drop-cap-view-stacked .elementor-drop-cap{background-color:#69727d;color:#fff}.elementor-widget-text-editor.elementor-drop-cap-view-framed .elementor-drop-cap{color:#69727d;border:3px solid;background-color:transparent}.elementor-widget-text-editor:not(.elementor-drop-cap-view-default) .elementor-drop-cap{margin-top:8px}.elementor-widget-text-editor:not(.elementor-drop-cap-view-default) .elementor-drop-cap-letter{width:1em;height:1em}.elementor-widget-text-editor .elementor-drop-cap{float:left;text-align:center;line-height:1;font-size:50px}.elementor-widget-text-editor .elementor-drop-cap-letter{display:inline-block}<\/style>\t\t\t\t<h3><span style=\"color: #ffffff;\">O que \u00e9?<\/span><\/h3>\t\t\t\t\t\t<\/div>\n\t\t\t\t<\/div>\n\t\t\t\t<div class=\"elementor-element elementor-element-444a6ba elementor-widget elementor-widget-text-editor\" data-id=\"444a6ba\" data-element_type=\"widget\" data-widget_type=\"text-editor.default\">\n\t\t\t\t<div class=\"elementor-widget-container\">\n\t\t\t\t\t\t\t<p>\u00c9 um tratamento que utiliza diversas cores de luz, emitindas artificialmente em forma de raios ultravioleta (UVA e UVB 311nm), dispostas em um aparelho com m\u00faltiplas luzes fluorescentes ou em uma m\u00e1scara de silicone flex\u00edvel com l\u00e2mpadas de diiodo muito espec\u00edficas e potentes que tem como objetivo o tratamento de altera\u00e7\u00f5es da pele e de suas estruturas anexas, como gl\u00e2ndulas seb\u00e1ceas e cabelos.<\/p><p>A luz emitida pelos LEDS estimula a circula\u00e7\u00e3o de sangu\u00ednea, induz a libera\u00e7\u00e3o dos fatores de crescimento epitelial e de transmissores imunoqu\u00edmicos, as chamadas Interleucinas, assim,melhorando o estado\u00a0imunol\u00f3gico da pele.<\/p><p>As diferentes cores de luz podem ser usadas para objetivos diferentes, podendo ser usadas de maneira combinada ou n\u00e3o.<\/p><p>Pode ser associada \u00e0 aplica\u00e7\u00e3o de subst\u00e2ncias cuja a\u00e7\u00e3o \u00e9 ativada pela luz, potencializando o resultado do tratamento, o que \u00e9 conhecido como terapia fotodin\u00e2mica<\/p><p>Por ser um tratamento muito abrangente, tem v\u00e1rias indica\u00e7\u00f5es dermatol\u00f3gicas.<\/p>\t\t\t\t\t\t<\/div>\n\t\t\t\t<\/div>\n\t\t\t\t\t<\/div>\n\t\t<\/div>\n\t\t\t\t\t<\/div>\n\t\t<\/section>\n\t\t\t\t\t<\/div>\n\t\t<\/div>\n\t\t\t\t\t<\/div>\n\t\t<\/section>\n\t\t\t\t<section class=\"elementor-section elementor-top-section elementor-element elementor-element-23c64f6 elementor-section-stretched elementor-section-boxed elementor-section-height-default elementor-section-height-default\" data-id=\"23c64f6\" data-element_type=\"section\" data-settings=\"{&quot;stretch_section&quot;:&quot;section-stretched&quot;,&quot;background_background&quot;:&quot;classic&quot;}\">\n\t\t\t\t\t\t<div class=\"elementor-container elementor-column-gap-wider\">\n\t\t\t\t\t<div class=\"elementor-column elementor-col-100 elementor-top-column elementor-element elementor-element-536a83c\" data-id=\"536a83c\" data-element_type=\"column\">\n\t\t\t<div class=\"elementor-widget-wrap elementor-element-populated\">\n\t\t\t\t\t\t<section class=\"elementor-section elementor-inner-section elementor-element elementor-element-21d1228 elementor-section-boxed elementor-section-height-default elementor-section-height-default\" data-id=\"21d1228\" data-element_type=\"section\">\n\t\t\t\t\t\t<div class=\"elementor-container elementor-column-gap-default\">\n\t\t\t\t\t<div class=\"elementor-column elementor-col-100 elementor-inner-column elementor-element elementor-element-5128357\" data-id=\"5128357\" data-element_type=\"column\">\n\t\t\t<div class=\"elementor-widget-wrap elementor-element-populated\">\n\t\t\t\t\t\t<div class=\"elementor-element elementor-element-942eadf elementor-widget elementor-widget-text-editor\" data-id=\"942eadf\" data-element_type=\"widget\" data-widget_type=\"text-editor.default\">\n\t\t\t\t<div class=\"elementor-widget-container\">\n\t\t\t\t\t\t\t<h4 style=\"text-align: left;\">Indica\u00e7\u00f5es:<\/h4><p style=\"text-align: left;\"><strong>Fotoenvelhecimento:<\/strong> processos fotobioqu\u00edmicos que levam a 60% de melhora na qualidade e textura cut\u00e2nea, tornando-a mais macia, el\u00e1stica, suave e delicada, com evidente redu\u00e7\u00e3o das linhas finas e rugas. A produ\u00e7\u00e3o das Interleucinas melhora a compet\u00eancia imunol\u00f3gica da pele, minimizando a forma\u00e7\u00e3o de les\u00f5es malignas e pr\u00e9-malignas\u00a0<\/p><p style=\"text-align: left;\"><strong>Acne:<\/strong> Controle da acne inflamat\u00f3ria( muitos cravos e espinhas ) e da pele muito oleosa. Age sobre as bact\u00e9rias da superf\u00edcie da pele : o Propinonibacterium acnes. Ao serem expostas \u00e0 a\u00e7\u00e3o da luz, tais bact\u00e9rias produzem uma substancia denominada Protoporfirina IV que \u00e9 extremamente t\u00f3xica para as pr\u00f3prias bact\u00e9rias. Ou seja, a irradia\u00e7\u00e3o promove sua autodestrui\u00e7\u00e3o<\/p><p style=\"text-align: left;\"><b>Calv\u00edcie:\u00a0<\/b>Estimula a oxigena\u00e7\u00e3o dos fol\u00edculos, levando \u00e0 produ\u00e7\u00e3o de fatores de crescimento epitelial e subst\u00e2ncias anti-inflamat\u00f3rias para promover o crescimento, ganho de volume, melhora\u00a0da textura e brilho dos cabelos,\u00e0\u00a0 base de processos fotoqu\u00edmicos.\u00a0<\/p><p style=\"text-align: left;\"><b>Dermatites:<\/b> processos fotobioqu\u00edmicos promovem a libera\u00e7\u00e3o de fatores de crescimento epitelial e subst\u00e2ncias anti-inflamat\u00f3rias, atuando como coadjuvante no tratamento de diversas patologias.\u00a0\u00a0\u00a0\u00a0\u00a0\u00a0\u00a0\u00a0\u00a0\u00a0\u00a0\u00a0<\/p><h4 style=\"text-align: left;\">Como \u00e9 o Tratamento?<\/h4><p style=\"text-align: left;\">\u00c9 um procedimento totalmente seguro e indolor, cientificamente comprovado.<\/p><p style=\"text-align: left;\">Pode ser combinado \u00e0s t\u00e9cnicas de tratamento convencional.<\/p><h4 style=\"text-align: left;\">Quantas Sess\u00f5es s\u00e3o Necess\u00e1rias?<\/h4><p style=\"text-align: left;\">Geralmente, s\u00e3o realizadas\u00a0 de 4 a 10 sess\u00f5es.<\/p>\t\t\t\t\t\t<\/div>\n\t\t\t\t<\/div>\n\t\t\t\t\t<\/div>\n\t\t<\/div>\n\t\t\t\t\t<\/div>\n\t\t<\/section>\n\t\t\t\t\t<\/div>\n\t\t<\/div>\n\t\t\t\t\t<\/div>\n\t\t<\/section>\n\t\t\t\t<section class=\"elementor-section elementor-top-section elementor-element elementor-element-1e396e2 elementor-section-stretched elementor-section-boxed elementor-section-height-default elementor-section-height-default\" data-id=\"1e396e2\" data-element_type=\"section\" data-settings=\"{&quot;stretch_section&quot;:&quot;section-stretched&quot;,&quot;background_background&quot;:&quot;classic&quot;}\">\n\t\t\t\t\t\t<div class=\"elementor-container elementor-column-gap-wider\">\n\t\t\t\t\t<div class=\"elementor-column elementor-col-100 elementor-top-column elementor-element elementor-element-c87c65b\" data-id=\"c87c65b\" data-element_type=\"column\">\n\t\t\t<div class=\"elementor-widget-wrap elementor-element-populated\">\n\t\t\t\t\t\t<div class=\"elementor-element elementor-element-1e20649 elementor-widget elementor-widget-text-editor\" data-id=\"1e20649\" data-element_type=\"widget\" data-widget_type=\"text-editor.default\">\n\t\t\t\t<div class=\"elementor-widget-container\">\n\t\t\t\t\t\t\t<h4><span style=\"color: #ffffff;\">Como \u00e9 o P\u00f3s-Tratamento?<\/span><\/h4><p>O tratamento n\u00e3o queima nem provoca danos \u00e0 pele e o paciente pode retornar \u00e0s suas atividades normais t\u00e3o logo termine a sess\u00e3o.<\/p><h4><span style=\"color: #ffffff;\">Contraindica\u00e7\u00f5es:<\/span><\/h4><ul><li>Gestantes;<\/li><li>Pacientes portadores de doen\u00e7as desencadeadas pela luz ultravioleta.<\/li><\/ul>\t\t\t\t\t\t<\/div>\n\t\t\t\t<\/div>\n\t\t\t\t\t<\/div>\n\t\t<\/div>\n\t\t\t\t\t<\/div>\n\t\t<\/section>\n\t\t\t\t<section class=\"elementor-section elementor-top-section elementor-element elementor-element-1e1d461 elementor-section-stretched elementor-section-boxed elementor-section-height-default elementor-section-height-default\" data-id=\"1e1d461\" data-element_type=\"section\" data-settings=\"{&quot;stretch_section&quot;:&quot;section-stretched&quot;}\">\n\t\t\t\t\t\t<div class=\"elementor-container elementor-column-gap-wider\">\n\t\t\t\t\t<div class=\"elementor-column elementor-col-100 elementor-top-column elementor-element elementor-element-98eea6e\" data-id=\"98eea6e\" data-element_type=\"column\">\n\t\t\t<div class=\"elementor-widget-wrap elementor-element-populated\">\n\t\t\t\t\t\t<section class=\"elementor-section elementor-inner-section elementor-element elementor-element-8caea67 elementor-section-boxed elementor-section-height-default elementor-section-height-default\" data-id=\"8caea67\" data-element_type=\"section\" data-settings=\"{&quot;background_background&quot;:&quot;classic&quot;}\">\n\t\t\t\t\t\t<div class=\"elementor-container elementor-column-gap-default\">\n\t\t\t\t\t<div class=\"elementor-column elementor-col-100 elementor-inner-column elementor-element elementor-element-7cbc67d\" data-id=\"7cbc67d\" data-element_type=\"column\" data-settings=\"{&quot;background_background&quot;:&quot;classic&quot;}\">\n\t\t\t<div class=\"elementor-widget-wrap elementor-element-populated\">\n\t\t\t\t\t\t<div class=\"elementor-element elementor-element-aa9989b elementor-widget elementor-widget-text-editor\" data-id=\"aa9989b\" data-element_type=\"widget\" data-widget_type=\"text-editor.default\">\n\t\t\t\t<div class=\"elementor-widget-container\">\n\t\t\t\t\t\t\t<h2><b>Contato<\/b><\/h2><div><b>Entre em contato conosco para tirar uma d\u00favida ou agendar uma consulta.<\/b><\/div>\t\t\t\t\t\t<\/div>\n\t\t\t\t<\/div>\n\t\t\t\t<div class=\"elementor-element elementor-element-d89342c elementor-widget elementor-widget-spacer\" data-id=\"d89342c\" data-element_type=\"widget\" data-widget_type=\"spacer.default\">\n\t\t\t\t<div class=\"elementor-widget-container\">\n\t\t\t<style>\/*! elementor - v3.23.0 - 05-08-2024 *\/\n.elementor-column .elementor-spacer-inner{height:var(--spacer-size)}.e-con{--container-widget-width:100%}.e-con-inner>.elementor-widget-spacer,.e-con>.elementor-widget-spacer{width:var(--container-widget-width,var(--spacer-size));--align-self:var(--container-widget-align-self,initial);--flex-shrink:0}.e-con-inner>.elementor-widget-spacer>.elementor-widget-container,.e-con>.elementor-widget-spacer>.elementor-widget-container{height:100%;width:100%}.e-con-inner>.elementor-widget-spacer>.elementor-widget-container>.elementor-spacer,.e-con>.elementor-widget-spacer>.elementor-widget-container>.elementor-spacer{height:100%}.e-con-inner>.elementor-widget-spacer>.elementor-widget-container>.elementor-spacer>.elementor-spacer-inner,.e-con>.elementor-widget-spacer>.elementor-widget-container>.elementor-spacer>.elementor-spacer-inner{height:var(--container-widget-height,var(--spacer-size))}.e-con-inner>.elementor-widget-spacer.elementor-widget-empty,.e-con>.elementor-widget-spacer.elementor-widget-empty{position:relative;min-height:22px;min-width:22px}.e-con-inner>.elementor-widget-spacer.elementor-widget-empty .elementor-widget-empty-icon,.e-con>.elementor-widget-spacer.elementor-widget-empty .elementor-widget-empty-icon{position:absolute;top:0;bottom:0;left:0;right:0;margin:auto;padding:0;width:22px;height:22px}<\/style>\t\t<div class=\"elementor-spacer\">\n\t\t\t<div class=\"elementor-spacer-inner\"><\/div>\n\t\t<\/div>\n\t\t\t\t<\/div>\n\t\t\t\t<\/div>\n\t\t\t\t<div class=\"elementor-element elementor-element-8c37a5d elementor-widget elementor-widget-shortcode\" data-id=\"8c37a5d\" data-element_type=\"widget\" data-widget_type=\"shortcode.default\">\n\t\t\t\t<div class=\"elementor-widget-container\">\n\t\t\t\t\t<div class=\"elementor-shortcode\">\n<div class=\"wpcf7 no-js\" id=\"wpcf7-f112-o1\" lang=\"en-US\" dir=\"ltr\">\n<div class=\"screen-reader-response\"><p role=\"status\" aria-live=\"polite\" aria-atomic=\"true\"><\/p> <ul><\/ul><\/div>\n<form action=\"\/index.php\/wp-json\/wp\/v2\/pages\/1110#wpcf7-f112-o1\" method=\"post\" class=\"wpcf7-form init\" aria-label=\"Contact form\" novalidate=\"novalidate\" data-status=\"init\">\n<div style=\"display: none;\">\n<input type=\"hidden\" name=\"_wpcf7\" value=\"112\" \/>\n<input type=\"hidden\" name=\"_wpcf7_version\" value=\"5.7.7\" \/>\n<input type=\"hidden\" name=\"_wpcf7_locale\" value=\"en_US\" \/>\n<input type=\"hidden\" name=\"_wpcf7_unit_tag\" value=\"wpcf7-f112-o1\" \/>\n<input type=\"hidden\" name=\"_wpcf7_container_post\" value=\"0\" \/>\n<input type=\"hidden\" name=\"_wpcf7_posted_data_hash\" value=\"\" \/>\n<\/div>\n<div class=\"column one-second\">\n\t<p><span class=\"wpcf7-form-control-wrap\" data-name=\"your-name\"><input size=\"40\" class=\"wpcf7-form-control wpcf7-text wpcf7-validates-as-required\" aria-required=\"true\" aria-invalid=\"false\" placeholder=\"Nome\" value=\"\" type=\"text\" name=\"your-name\" \/><\/span>\n\t<\/p>\n<\/div>\n<div class=\"column one-second\">\n\t<p><span class=\"wpcf7-form-control-wrap\" data-name=\"your-phone\"><input size=\"40\" class=\"wpcf7-form-control wpcf7-text wpcf7-tel wpcf7-validates-as-tel\" aria-invalid=\"false\" placeholder=\"Telefone\" value=\"\" type=\"tel\" name=\"your-phone\" \/><\/span>\n\t<\/p>\n<\/div>\n<div class=\"column one\">\n\t<p><span class=\"wpcf7-form-control-wrap\" data-name=\"E-mail\"><input size=\"40\" class=\"wpcf7-form-control wpcf7-text wpcf7-email wpcf7-validates-as-required wpcf7-validates-as-email\" aria-required=\"true\" aria-invalid=\"false\" placeholder=\"E-mail\" value=\"\" type=\"email\" name=\"E-mail\" \/><\/span>\n\t<\/p>\n<\/div>\n<div class=\"column one\">\n\t<p><span class=\"wpcf7-form-control-wrap\" data-name=\"your-message\"><textarea cols=\"40\" rows=\"1\" class=\"wpcf7-form-control wpcf7-textarea\" aria-invalid=\"false\" placeholder=\"Mensagem\" name=\"your-message\"><\/textarea><\/span>\n\t<\/p>\n<\/div>\n<div class=\"column one\" style=\"text-align: center;\">\n\t<p><input class=\"wpcf7-form-control has-spinner wpcf7-submit\" type=\"submit\" value=\"Enviar Mensagem\" \/>\n\t<\/p>\n<\/div><div class=\"wpcf7-response-output\" aria-hidden=\"true\"><\/div>\n<\/form>\n<\/div>\n<\/div>\n\t\t\t\t<\/div>\n\t\t\t\t<\/div>\n\t\t\t\t\t<\/div>\n\t\t<\/div>\n\t\t\t\t\t<\/div>\n\t\t<\/section>\n\t\t\t\t\t<\/div>\n\t\t<\/div>\n\t\t\t\t\t<\/div>\n\t\t<\/section>\n\t\t\t\t<\/div>\n\t\t","protected":false},"excerpt":{"rendered":"<p>O que \u00e9? \u00c9 um tratamento que utiliza diversas cores de luz, emitindas artificialmente em forma de raios ultravioleta (UVA e UVB 311nm), dispostas em um<span class=\"excerpt-hellip\"> [\u2026]<\/span><\/p>\n","protected":false},"author":1,"featured_media":0,"parent":976,"menu_order":0,"comment_status":"closed","ping_status":"closed","template":"","meta":{"_joinchat":[]},"_links":{"self":[{"href":"https:\/\/dermacentro.com.br\/index.php\/wp-json\/wp\/v2\/pages\/1110"}],"collection":[{"href":"https:\/\/dermacentro.com.br\/index.php\/wp-json\/wp\/v2\/pages"}],"about":[{"href":"https:\/\/dermacentro.com.br\/index.php\/wp-json\/wp\/v2\/types\/page"}],"author":[{"embeddable":true,"href":"https:\/\/dermacentro.com.br\/index.php\/wp-json\/wp\/v2\/users\/1"}],"replies":[{"embeddable":true,"href":"https:\/\/dermacentro.com.br\/index.php\/wp-json\/wp\/v2\/comments?post=1110"}],"version-history":[{"count":8,"href":"https:\/\/dermacentro.com.br\/index.php\/wp-json\/wp\/v2\/pages\/1110\/revisions"}],"predecessor-version":[{"id":2178,"href":"https:\/\/dermacentro.com.br\/index.php\/wp-json\/wp\/v2\/pages\/1110\/revisions\/2178"}],"up":[{"embeddable":true,"href":"https:\/\/dermacentro.com.br\/index.php\/wp-json\/wp\/v2\/pages\/976"}],"wp:attachment":[{"href":"https:\/\/dermacentro.com.br\/index.php\/wp-json\/wp\/v2\/media?parent=1110"}],"curies":[{"name":"wp","href":"https:\/\/api.w.org\/{rel}","templated":true}]}}